{"id":3,"date":"2019-03-21T10:06:02","date_gmt":"2019-03-21T10:06:02","guid":{"rendered":"https:\/\/www.messern.at\/feuerwehr\/?page_id=3"},"modified":"2024-11-27T17:09:25","modified_gmt":"2024-11-27T16:09:25","slug":"privacy-policy","status":"publish","type":"page","link":"https:\/\/www.messern.at\/feuerwehr\/privacy-policy\/","title":{"rendered":"Datenschutzerkl\u00e4rung"},"content":{"rendered":"\n<h1>Inhaltsverzeichnis<\/h1>\n\n\n\n<ul><li><a href=\"#einleitung-ueberblick\">Einleitung und \u00dcberblick<\/a><\/li><li><a href=\"#anwendungsbereich\">Anwendungsbereich<\/a><\/li><li><a href=\"#rechtsgrundlagen\">Rechtsgrundlagen<\/a><\/li><li><a href=\"#kontaktdaten-verantwortliche\">Kontaktdaten des Verantwortlichen<\/a><\/li><li><a href=\"#speicherdauer\">Speicherdauer<\/a><\/li><li><a href=\"#rechte-dsgvo\">Rechte laut Datenschutz-Grundverordnung<\/a><\/li><li><a href=\"#webhosting\">Webhosting<\/a><\/li><li><a href=\"#facebook-pixel-datenschutzerklaerung\">Facebook-Pixel Datenschutzerkl\u00e4rung<\/a><\/li><li><a href=\"#facebook-datenschutzerklaerung\">Facebook Datenschutzerkl\u00e4rung<\/a><\/li><\/ul>\n\n\n\n<h2 id=\"einleitung-ueberblick\">Einleitung und \u00dcberblick<\/h2>\n\n\n\n<p>Wir haben diese Datenschutzerkl\u00e4rung (Fassung 21.10.2021-111858585) verfasst, um Ihnen gem\u00e4\u00df der Vorgaben der <a href=\"https:\/\/eur-lex.europa.eu\/legal-content\/DE\/ALL\/?uri=celex%3A32016R0679&amp;tid=111858585\" target=\"_blank\" rel=\"noreferrer noopener\">Datenschutz-Grundverordnung (EU) 2016\/679<\/a> und anwendbaren nationalen Gesetzen zu erkl\u00e4ren, welche personenbezogenen Daten (kurz Daten) wir als Verantwortliche \u2013 und die von uns beauftragten Auftragsverarbeiter (z. B. Provider) \u2013 verarbeiten, zuk\u00fcnftig verarbeiten werden und welche rechtm\u00e4\u00dfigen M\u00f6glichkeiten Sie haben. Die verwendeten Begriffe sind geschlechtsneutral zu verstehen.<br><strong>Kurz gesagt:<\/strong> Wir informieren Sie umfassend \u00fcber Daten, die wir \u00fcber Sie verarbeiten.<\/p>\n\n\n\n<p>Datenschutzerkl\u00e4rungen klingen f\u00fcr gew\u00f6hnlich sehr technisch und verwenden juristische Fachbegriffe. Diese Datenschutzerkl\u00e4rung soll Ihnen hingegen die wichtigsten Dinge so einfach und transparent wie m\u00f6glich beschreiben. Soweit es der Transparenz f\u00f6rderlich ist, werden technische <strong>Begriffe leserfreundlich erkl\u00e4rt<\/strong>, <strong>Links<\/strong> zu weiterf\u00fchrenden Informationen geboten und <strong>Grafiken<\/strong> zum Einsatz gebracht. Wir informieren damit in klarer und einfacher Sprache, dass wir im Rahmen unserer Gesch\u00e4ftst\u00e4tigkeiten nur dann personenbezogene Daten verarbeiten, wenn eine entsprechende gesetzliche Grundlage gegeben ist. Das ist sicher nicht m\u00f6glich, wenn man m\u00f6glichst knappe, unklare und juristisch-technische Erkl\u00e4rungen abgibt, so wie sie im Internet oft Standard sind, wenn es um Datenschutz geht. Ich hoffe, Sie finden die folgenden Erl\u00e4uterungen interessant und informativ und vielleicht ist die eine oder andere Information dabei, die Sie noch nicht kannten.<br>Wenn trotzdem Fragen bleiben, m\u00f6chten wir Sie bitten, sich an die unten bzw. im Impressum genannte verantwortliche Stelle zu wenden, den vorhandenen Links zu folgen und sich weitere Informationen auf Drittseiten anzusehen. Unsere Kontaktdaten finden Sie selbstverst\u00e4ndlich auch im Impressum.<\/p>\n\n\n\n<h2 id=\"anwendungsbereich\">Anwendungsbereich<\/h2>\n\n\n\n<p>Diese Datenschutzerkl\u00e4rung gilt f\u00fcr alle von uns im Unternehmen verarbeiteten personenbezogenen Daten und f\u00fcr alle personenbezogenen Daten, die von uns beauftragte Firmen (Auftragsverarbeiter) verarbeiten. Mit personenbezogenen Daten meinen wir Informationen im Sinne des Art. 4 Nr. 1 DSGVO wie zum Beispiel Name, E-Mail-Adresse und postalische Anschrift einer Person. Die Verarbeitung personenbezogener Daten sorgt daf\u00fcr, dass wir unsere Dienstleistungen und Produkte anbieten und abrechnen k\u00f6nnen, sei es online oder offline. Der Anwendungsbereich dieser Datenschutzerkl\u00e4rung umfasst:<\/p>\n\n\n\n<ul><li>alle Onlineauftritte (Websites, Onlineshops), die wir betreiben<\/li><li>Social Media Auftritte und E-Mail-Kommunikation<\/li><li>mobile Apps f\u00fcr Smartphones und andere Ger\u00e4te<\/li><\/ul>\n\n\n\n<p><strong>Kurz gesagt:<\/strong> Die Datenschutzerkl\u00e4rung gilt f\u00fcr alle Bereiche, in denen personenbezogene Daten im Unternehmen \u00fcber die genannten Kan\u00e4le strukturiert verarbeitet werden. Sollten wir au\u00dferhalb dieser Kan\u00e4le mit Ihnen in Rechtsbeziehungen eintreten, werden wir Sie gegebenenfalls gesondert informieren.<\/p>\n\n\n\n<h2 id=\"rechtsgrundlagen\">Rechtsgrundlagen<\/h2>\n\n\n\n<p>In der folgenden Datenschutzerkl\u00e4rung geben wir Ihnen transparente Informationen zu den rechtlichen Grunds\u00e4tzen und Vorschriften, also den Rechtsgrundlagen der Datenschutz-Grundverordnung, die uns erm\u00f6glichen, personenbezogene Daten zu verarbeiten.<br>Was das EU-Recht betrifft, beziehen wir uns auf die VERORDNUNG (EU) 2016\/679 DES EUROP\u00c4ISCHEN PARLAMENTS UND DES RATES vom 27. April 2016. Diese Datenschutz-Grundverordnung der EU k\u00f6nnen Sie selbstverst\u00e4ndlich online auf EUR-Lex, dem Zugang zum EU-Recht, unter <a href=\"https:\/\/eur-lex.europa.eu\/legal-content\/DE\/ALL\/?uri=celex%3A32016R0679&amp;tid=111858585\" target=\"_blank\" rel=\"noreferrer noopener\">https:\/\/eur-lex.europa.eu\/legal-content\/DE\/TXT\/?uri=celex%3A32016R0679<\/a> nachlesen.<\/p>\n\n\n\n<p>Wir verarbeiten Ihre Daten nur, wenn mindestens eine der folgenden Bedingungen zutrifft:<\/p>\n\n\n\n<ol><li><strong>Einwilligung<\/strong> (Artikel 6 Absatz 1 lit. a DSGVO): Sie haben uns Ihre Einwilligung gegeben, Daten zu einem bestimmten Zweck zu verarbeiten. Ein Beispiel w\u00e4re die Speicherung Ihrer eingegebenen Daten eines Kontaktformulars.<\/li><li><strong>Vertrag<\/strong> (Artikel 6 Absatz 1 lit. b DSGVO): Um einen Vertrag oder vorvertragliche Verpflichtungen mit Ihnen zu erf\u00fcllen, verarbeiten wir Ihre Daten. Wenn wir zum Beispiel einen Kaufvertrag mit Ihnen abschlie\u00dfen, ben\u00f6tigen wir vorab personenbezogene Informationen.<\/li><li><strong>Rechtliche Verpflichtung<\/strong> (Artikel 6 Absatz 1 lit. c DSGVO): Wenn wir einer rechtlichen Verpflichtung unterliegen, verarbeiten wir Ihre Daten. Zum Beispiel sind wir gesetzlich verpflichtet Rechnungen f\u00fcr die Buchhaltung aufzuheben. Diese enthalten in der Regel personenbezogene Daten.<\/li><li><strong>Berechtigte Interessen<\/strong> (Artikel 6 Absatz 1 lit. f DSGVO): Im Falle berechtigter Interessen, die Ihre Grundrechte nicht einschr\u00e4nken, behalten wir uns die Verarbeitung personenbezogener Daten vor. Wir m\u00fcssen zum Beispiel gewisse Daten verarbeiten, um unsere Website sicher und wirtschaftlich effizient betreiben zu k\u00f6nnen. Diese Verarbeitung ist somit ein berechtigtes Interesse.<\/li><\/ol>\n\n\n\n<p>Weitere Bedingungen wie die Wahrnehmung von Aufnahmen im \u00f6ffentlichen Interesse und Aus\u00fcbung \u00f6ffentlicher Gewalt sowie dem Schutz lebenswichtiger Interessen treten bei uns in der Regel nicht auf. Soweit eine solche Rechtsgrundlage doch einschl\u00e4gig sein sollte, wird diese an der entsprechenden Stelle ausgewiesen.<\/p>\n\n\n\n<p>Zus\u00e4tzlich zu der EU-Verordnung gelten auch noch nationale Gesetze:<\/p>\n\n\n\n<ul><li>In <strong>\u00d6sterreich<\/strong> ist dies das Bundesgesetz zum Schutz nat\u00fcrlicher Personen bei der Verarbeitung personenbezogener Daten (<strong>Datenschutzgesetz<\/strong>), kurz <strong>DSG<\/strong>.<\/li><li>In <strong>Deutschland<\/strong> gilt das <strong>Bundesdatenschutzgesetz<\/strong>, kurz<strong> BDSG<\/strong>.<\/li><\/ul>\n\n\n\n<p>Sofern weitere regionale oder nationale Gesetze zur Anwendung kommen, informieren wir Sie in den folgenden Abschnitten dar\u00fcber.<\/p>\n\n\n\n<h2 id=\"kontaktdaten-verantwortliche\">Kontaktdaten des Verantwortlichen<\/h2>\n\n\n\n<p>Sollten Sie Fragen zum Datenschutz haben, finden Sie nachfolgend die Kontaktdaten der verantwortlichen Person bzw. Stelle:<br>Kevin Schmid-Metz<br>3761 Messern 18<br>Impressum: <a href=\"https:\/\/www.messern.at\/feuerwehr\/kontakt\/\">https:\/\/www.messern.at\/feuerwehr\/kontakt\/<\/a><\/p>\n\n\n\n<div class=\"wp-container-1 wp-block-buttons\">\n<div class=\"wp-block-button\"><a class=\"wp-block-button__link\" href=\"mailto:Kevin.schmid@feuerwehr.gv.at\" target=\"_blank\" rel=\"noreferrer noopener\">E-Mail<\/a><\/div>\n<\/div>\n\n\n\n<h2 id=\"speicherdauer\">Speicherdauer<\/h2>\n\n\n\n<p>Dass wir personenbezogene Daten nur so lange speichern, wie es f\u00fcr die Bereitstellung unserer Dienstleistungen und Produkte unbedingt notwendig ist, gilt als generelles Kriterium bei uns. Das bedeutet, dass wir personenbezogene Daten l\u00f6schen, sobald der Grund f\u00fcr die Datenverarbeitung nicht mehr vorhanden ist. In einigen F\u00e4llen sind wir gesetzlich dazu verpflichtet, bestimmte Daten auch nach Wegfall des urspr\u00fcngliches Zwecks zu speichern, zum Beispiel zu Zwecken der Buchf\u00fchrung.<\/p>\n\n\n\n<p>Sollten Sie die L\u00f6schung Ihrer Daten w\u00fcnschen oder die Einwilligung zur Datenverarbeitung widerrufen, werden die Daten so rasch wie m\u00f6glich und soweit keine Pflicht zur Speicherung besteht, gel\u00f6scht.<\/p>\n\n\n\n<p>\u00dcber die konkrete Dauer der jeweiligen Datenverarbeitung informieren wir Sie weiter unten, sofern wir weitere Informationen dazu haben.<\/p>\n\n\n\n<h2 id=\"rechte-dsgvo\">Rechte laut Datenschutz-Grundverordnung<\/h2>\n\n\n\n<p>Laut Artikel 13 DSGVO stehen Ihnen die folgenden Rechte zu, damit es zu einer fairen und transparenten Verarbeitung von Daten kommt:<\/p>\n\n\n\n<ul><li>Sie haben laut Artikel 15 DSGVO ein Auskunftsrecht dar\u00fcber, ob wir Daten von Ihnen verarbeiten. Sollte das zutreffen, haben Sie Recht darauf eine Kopie der Daten zu erhalten und die folgenden Informationen zu erfahren:<ul><li>zu welchem Zweck wir die Verarbeitung durchf\u00fchren;<\/li><li>die Kategorien, also die Arten von Daten, die verarbeitet werden;<\/li><li>wer diese Daten erh\u00e4lt und wenn die Daten an Drittl\u00e4nder \u00fcbermittelt werden, wie die Sicherheit garantiert werden kann;<\/li><li>wie lange die Daten gespeichert werden;<\/li><li>das Bestehen des Rechts auf Berichtigung, L\u00f6schung oder Einschr\u00e4nkung der Verarbeitung und dem Widerspruchsrecht gegen die Verarbeitung;<\/li><li>dass Sie sich bei einer Aufsichtsbeh\u00f6rde beschweren k\u00f6nnen (Links zu diesen Beh\u00f6rden finden Sie weiter unten);<\/li><li>die Herkunft der Daten, wenn wir sie nicht bei Ihnen erhoben haben;<\/li><li>ob Profiling durchgef\u00fchrt wird, ob also Daten automatisch ausgewertet werden, um zu einem pers\u00f6nlichen Profil von Ihnen zu gelangen.<\/li><\/ul><\/li><li>Sie haben laut Artikel 16 DSGVO ein Recht auf Berichtigung der Daten, was bedeutet, dass wir Daten richtig stellen m\u00fcssen, falls Sie Fehler finden.<\/li><li>Sie haben laut Artikel 17 DSGVO das Recht auf L\u00f6schung (\u201eRecht auf Vergessenwerden\u201c), was konkret bedeutet, dass Sie die L\u00f6schung Ihrer Daten verlangen d\u00fcrfen.<\/li><li>Sie haben laut Artikel 18 DSGVO das Recht auf Einschr\u00e4nkung der Verarbeitung, was bedeutet, dass wir die Daten nur mehr speichern d\u00fcrfen aber nicht weiter verwenden.<\/li><li>Sie haben laut Artikel 19 DSGVO das Recht auf Daten\u00fcbertragbarkeit, was bedeutet, dass wir Ihnen auf Anfrage Ihre Daten in einem g\u00e4ngigen Format zur Verf\u00fcgung stellen.<\/li><li>Sie haben laut Artikel 21 DSGVO ein Widerspruchsrecht, welches nach Durchsetzung eine \u00c4nderung der Verarbeitung mit sich bringt.<ul><li>Wenn die Verarbeitung Ihrer Daten auf Artikel 6 Abs. 1 lit. e (\u00f6ffentliches Interesse, Aus\u00fcbung \u00f6ffentlicher Gewalt) oder Artikel 6 Abs. 1 lit. f (berechtigtes Interesse) basiert, k\u00f6nnen Sie gegen die Verarbeitung Widerspruch einlegen. Wir pr\u00fcfen danach so rasch wie m\u00f6glich, ob wir diesem Widerspruch rechtlich nachkommen k\u00f6nnen.<\/li><li>Werden Daten verwendet, um Direktwerbung zu betreiben, k\u00f6nnen Sie jederzeit gegen diese Art der Datenverarbeitung widersprechen. Wir d\u00fcrfen Ihre Daten danach nicht mehr f\u00fcr Direktmarketing verwenden.<\/li><li>Werden Daten verwendet, um Profiling zu betreiben, k\u00f6nnen Sie jederzeit gegen diese Art der Datenverarbeitung widersprechen. Wir d\u00fcrfen Ihre Daten danach nicht mehr f\u00fcr Profiling verwenden.<\/li><\/ul><\/li><li>Sie haben laut Artikel 22 DSGVO unter Umst\u00e4nden das Recht, nicht einer ausschlie\u00dflich auf einer automatisierten Verarbeitung (zum Beispiel Profiling) beruhenden Entscheidung unterworfen zu werden.<\/li><\/ul>\n\n\n\n<p><strong>Kurz gesagt:<\/strong> Sie haben Rechte \u2013 z\u00f6gern Sie nicht, die oben gelistete verantwortliche Stelle bei uns zu kontaktieren!<\/p>\n\n\n\n<p>Wenn Sie glauben, dass die Verarbeitung Ihrer Daten gegen das Datenschutzrecht verst\u00f6\u00dft oder Ihre datenschutzrechtlichen Anspr\u00fcche in sonst einer Weise verletzt worden sind, k\u00f6nnen Sie sich bei der Aufsichtsbeh\u00f6rde beschweren. Diese ist f\u00fcr \u00d6sterreich die Datenschutzbeh\u00f6rde, deren Website Sie unter <a href=\"https:\/\/www.dsb.gv.at\/?tid=111858585\" target=\"_blank\" rel=\"noreferrer noopener\">https:\/\/www.dsb.gv.at\/<\/a> finden. In Deutschland gibt es f\u00fcr jedes Bundesland einen Datenschutzbeauftragten. F\u00fcr n\u00e4here Informationen k\u00f6nnen Sie sich an die <a href=\"https:\/\/www.bfdi.bund.de\" target=\"_blank\" rel=\"noreferrer noopener\">Bundesbeauftragte f\u00fcr den Datenschutz und die Informationsfreiheit (BfDI)<\/a> wenden. F\u00fcr unser Unternehmen ist die folgende lokale Datenschutzbeh\u00f6rde zust\u00e4ndig:<\/p>\n\n\n\n<h2 id=\"oesterreich-datenschutzbehoerde\">\u00d6sterreich Datenschutzbeh\u00f6rde<\/h2>\n\n\n\n<p><strong>Leiterin: <\/strong>Mag. Dr. Andrea Jelinek<strong><br>Adresse: <\/strong>Barichgasse 40-42, 1030 Wien<strong><br>Telefonnr.: <\/strong>+43 1 52&nbsp;152-0<strong><br>E-Mail-Adresse: <\/strong><a href=\"mailto:dsb@dsb.gv.at\" target=\"_blank\" rel=\"noreferrer noopener\">dsb@dsb.gv.at<\/a><strong><br>Website: <\/strong><a href=\"https:\/\/www.dsb.gv.at\/\" target=\"_blank\" rel=\"noreferrer noopener\">https:\/\/www.dsb.gv.at\/<\/a><\/p>\n\n\n\n<h2 id=\"webhosting\">Webhosting<\/h2>\n\n\n\n<figure class=\"wp-block-table\"><table><tbody><tr><td><strong>Webhosting Zusammenfassung<\/strong><br>\ud83d\udc65 Betroffene: Besucher der Website<br>\ud83e\udd1d Zweck: professionelles Hosting der Website und Absicherung des Betriebs<br>\ud83d\udcd3 Verarbeitete Daten: IP-Adresse, Zeitpunkt des Websitebesuchs, verwendeter Browser und weitere Daten. Mehr Details dazu finden Sie weiter unten bzw. beim jeweils eingesetzten Webhosting Provider.<br>\ud83d\udcc5 Speicherdauer: abh\u00e4ngig vom jeweiligen Provider, aber in der Regel 2 Wochen<br>\u2696\ufe0f Rechtsgrundlagen: Art. 6 Abs. 1 lit.f DSGVO (Berechtigte Interessen)<\/td><\/tr><\/tbody><\/table><\/figure>\n\n\n\n<h3>Was ist Webhosting?<\/h3>\n\n\n\n<p>Wenn Sie heutzutage Websites besuchen, werden gewisse Informationen \u2013 auch personenbezogene Daten \u2013 automatisch erstellt und gespeichert, so auch auf dieser Website. Diese Daten sollten m\u00f6glichst sparsam und nur mit Begr\u00fcndung verarbeitet werden. Mit Website meinen wir \u00fcbrigens die Gesamtheit aller Webseiten auf einer Domain, d.h. alles von der Startseite (Homepage) bis hin zur aller letzten Unterseite (wie dieser hier). Mit Domain meinen wir zum Beispiel beispiel.de oder musterbeispiel.com.<\/p>\n\n\n\n<p>Wenn Sie eine Website auf einem Bildschirm ansehen m\u00f6chten, verwenden Sie daf\u00fcr ein Programm, das sich Webbrowser nennt. Sie kennen vermutlich einige Webbrowser beim Namen: Google Chrome, Microsoft Edge, Mozilla Firefox und Apple Safari.<\/p>\n\n\n\n<p>Dieser Webbrowser muss sich zu einem anderen Computer verbinden, wo der Code der Website gespeichert ist: dem Webserver. Der Betrieb eines Webservers ist eine komplizierte und aufwendige Aufgabe, weswegen dies in der Regel von professionellen Anbietern, den Providern, \u00fcbernommen wird. Diese bieten Webhosting an und sorgen damit f\u00fcr eine verl\u00e4ssliche und fehlerfreie Speicherung der Daten von Websites.<\/p>\n\n\n\n<p>Bei der Verbindungsaufnahme des Browsers auf Ihrem Computer (Desktop, Laptop, Smartphone) und w\u00e4hrend der Daten\u00fcbertragung zu und vom Webserver kann es zu einer Verarbeitung personenbezogener Daten kommen. Einerseits speichert Ihr Computer Daten, andererseits muss auch der Webserver Daten eine Zeit lang speichern, um einen ordentlichen Betrieb zu gew\u00e4hrleisten.<\/p>\n\n\n\n<p>Zur Veranschaulichung:<\/p>\n\n\n\n<figure class=\"wp-block-image\"><img src=\"https:\/\/www.adsimple.at\/wp-content\/uploads\/2018\/03\/browser-und-webserver.svg\" alt=\"Browser und Webserver\"\/><\/figure>\n\n\n\n<h3>Warum verarbeiten wir personenbezogene Daten?<\/h3>\n\n\n\n<p>Die Zwecke der Datenverarbeitung sind:<\/p>\n\n\n\n<ol><li>Professionelles Hosting der Website und Absicherung des Betriebs<\/li><li>zur Aufrechterhaltung der Betriebs- und IT-Sicherheit<\/li><li>Anonyme Auswertung des Zugriffsverhaltens zur Verbesserung unseres Angebots und ggf. zur Strafverfolgung bzw. Verfolgung von Anspr\u00fcchen<\/li><\/ol>\n\n\n\n<h3>Welche Daten werden verarbeitet?<\/h3>\n\n\n\n<p>Auch w\u00e4hrend Sie unsere Website jetzt gerade besuchen, speichert unser Webserver, das ist der Computer auf dem diese Webseite gespeichert ist, in der Regel automatisch Daten wie<\/p>\n\n\n\n<ul><li>die komplette Internetadresse (URL) der aufgerufenen Webseite (z. B. https:\/\/www.beispielwebsite.de\/beispielunterseite.html?tid=111858585)<\/li><li>Browser und Browserversion (z. B. Chrome 87)<\/li><li>das verwendete Betriebssystem (z. B. Windows 10)<\/li><li>die Adresse (URL) der zuvor besuchten Seite (Referrer URL) (z. B. https:\/\/www.beispielquellsite.de\/vondabinichgekommen.html\/)<\/li><li>den Hostnamen und die IP-Adresse des Ger\u00e4ts von welchem aus zugegriffen wird (z. B. COMPUTERNAME und 194.23.43.121)<\/li><li>Datum und Uhrzeit<\/li><li>in Dateien, den sogenannten Webserver-Logfiles<\/li><\/ul>\n\n\n\n<h3>Wie lange werden Daten gespeichert?<\/h3>\n\n\n\n<p>In der Regel werden die oben genannten Daten zwei Wochen gespeichert und danach automatisch gel\u00f6scht. Wir geben diese Daten nicht weiter, k\u00f6nnen jedoch nicht ausschlie\u00dfen, dass diese Daten beim Vorliegen von rechtswidrigem Verhalten von Beh\u00f6rden eingesehen werden.<\/p>\n\n\n\n<p><strong>Kurz gesagt:<\/strong> Ihr Besuch wird durch unseren Provider (Firma, die unsere Website auf speziellen Computern (Servern) laufen l\u00e4sst), protokolliert, aber wir geben Ihre Daten nicht ohne Zustimmung weiter!<\/p>\n\n\n\n<h3>Rechtsgrundlage<\/h3>\n\n\n\n<p>Die Rechtm\u00e4\u00dfigkeit der Verarbeitung personenbezogener Daten im Rahmen des Webhosting ergibt sich aus Art. 6 Abs. 1 lit. f DSGVO (Wahrung der berechtigten Interessen), denn die Nutzung von professionellem Hosting bei einem Provider ist notwendig, um das Unternehmen im Internet sicher und nutzerfreundlich pr\u00e4sentieren und Angriffe und Forderungen hieraus gegebenenfalls verfolgen zu k\u00f6nnen.<\/p>\n\n\n\n<p>Zwischen uns und dem Hostingprovider besteht in der Regel ein Vertrag \u00fcber die Auftragsverarbeitung gem\u00e4\u00df Art. 28 f. DSGVO, der die Einhaltung von Datenschutz gew\u00e4hrleistet und Datensicherheit garantiert.<\/p>\n\n\n\n<h2 id=\"mittwald-datenschutzerklaerung\">Mittwald Datenschutzerkl\u00e4rung<\/h2>\n\n\n\n<p>Wir nutzen f\u00fcr unsere Website Mittwald, ein Webhosting-Tool. Dienstanbieter ist das deutsche Unternehmen Mittwald CM Service GmbH &amp; Co. KG, K\u00f6nigsberger Stra\u00dfe 4-6, 32339 Espelkamp, Deutschland. Mehr \u00fcber die Daten, die durch die Verwendung von Mittwald verarbeitet werden, erfahren Sie in der Datenschutzerkl\u00e4rung auf <a href=\"https:\/\/www.mittwald.de\/datenschutz\" target=\"_blank\" rel=\"noreferrer noopener\">https:\/\/www.mittwald.de\/datenschutz<\/a>.<\/p>\n\n\n\n<h2 id=\"facebook-pixel-datenschutzerklaerung\">Facebook-Pixel Datenschutzerkl\u00e4rung<\/h2>\n\n\n\n<p>Wir verwenden auf unserer Website das Facebook-Pixel von Facebook. Daf\u00fcr haben wir einen Code auf unserer Webseite implementiert. Der Facebook-Pixel ist ein Ausschnitt aus JavaScript-Code, der eine Ansammlung von Funktionen l\u00e4dt, mit denen Facebook Ihre Userhandlungen verfolgen kann, sofern Sie \u00fcber Facebook-Ads auf unsere Webseite gekommen sind. Wenn Sie beispielsweise ein Produkt auf unserer Webseite erwerben, wird das Facebook-Pixel ausgel\u00f6st und speichert Ihre Handlungen auf unserer Webseite in einem oder mehreren Cookies. Diese Cookies erm\u00f6glichen es Facebook Ihre Userdaten (Kundendaten wie IP-Adresse, User-ID) mit den Daten Ihres Facebook-Kontos abzugleichen. Dann l\u00f6scht Facebook diese Daten wieder. Die erhobenen Daten sind f\u00fcr uns anonym und nicht einsehbar und werden nur im Rahmen von Werbeanzeigenschaltungen nutzbar. Wenn Sie selbst Facebook-User sind und angemeldet sind, wird der Besuch unserer Webseite automatisch Ihrem Facebook-Benutzerkonto zugeordnet.<\/p>\n\n\n\n<p>Wir wollen unsere Dienstleistungen bzw. Produkte nur jenen Menschen zeigen, die sich auch wirklich daf\u00fcr interessieren. Mithilfe von Facebook-Pixel k\u00f6nnen unsere Werbema\u00dfnahmen besser auf Ihre W\u00fcnsche und Interessen abgestimmt werden. So bekommen Facebook-User (sofern sie personalisierte Werbung erlaubt haben) passende Werbung zu sehen. Weiters verwendet Facebook die erhobenen Daten zu Analysezwecken und eigenen Werbeanzeigen.<\/p>\n\n\n\n<p>Im Folgenden zeigen wir Ihnen jene Cookies, die durch das Einbinden von Facebook-Pixel auf einer Testseite gesetzt wurden. Bitte beachten Sie, dass dies nur Beispiel-Cookies sind. Je nach Interaktion auf unserer Webseite werden unterschiedliche Cookies gesetzt.<\/p>\n\n\n\n<p><strong>Name:<\/strong> _fbp<br><strong>Wert:<\/strong> fb.1.1568287647279.257405483-6111858585-7<br><strong>Verwendungszweck:<\/strong> Dieses Cookie verwendet Facebook, um Werbeprodukte anzuzeigen.<br><strong>Ablaufdatum:<\/strong> nach 3 Monaten<\/p>\n\n\n\n<p><strong>Name:<\/strong>&nbsp;fr<br><strong>Wert:<\/strong> 0aPf312HOS5Pboo2r..Bdeiuf\u20261.0.Bdeiuf.<br><strong>Verwendungszweck:<\/strong> Dieses Cookie wird verwendet, damit Facebook-Pixel auch ordentlich funktioniert.<br><strong>Ablaufdatum:<\/strong> nach 3 Monaten<\/p>\n\n\n\n<p><strong>Name:<\/strong> comment_author_50ae8267e2bdf1253ec1a5769f48e062111858585-3<br><strong>Wert:<\/strong> Name des Autors<br><strong>Verwendungszweck:<\/strong> Dieses Cookie speichert den Text und den Namen eines Users, der beispielsweise einen Kommentar hinterl\u00e4sst.<br><strong>Ablaufdatum:<\/strong> nach 12 Monaten<\/p>\n\n\n\n<p><strong>Name:<\/strong> comment_author_url_50ae8267e2bdf1253ec1a5769f48e062<br><strong>Wert:<\/strong> https%3A%2F%2Fwww.testseite\u2026%2F (URL des Autors)<br><strong>Verwendungszweck:<\/strong> Dieses Cookie speichert die URL der Website, die der User in einem Textfeld auf unserer Webseite eingibt.<br><strong>Ablaufdatum:<\/strong> nach 12 Monaten<\/p>\n\n\n\n<p><strong>Name:<\/strong> comment_author_email_50ae8267e2bdf1253ec1a5769f48e062<br><strong>Wert:<\/strong> E-Mail-Adresse des Autors<br><strong>Verwendungszweck:<\/strong> Dieses Cookie speichert die E-Mail-Adresse des Users, sofern er sie auf der Website bekannt gegeben hat.<br><strong>Ablaufdatum:<\/strong> nach 12 Monaten<\/p>\n\n\n\n<p><strong>Anmerkung:&nbsp;<\/strong>Die oben genannten Cookies beziehen sich auf ein individuelles Userverhalten. Speziell bei der Verwendung von Cookies sind Ver\u00e4nderungen bei Facebook nie auszuschlie\u00dfen.<\/p>\n\n\n\n<p>Sofern Sie bei Facebook angemeldet sind, k\u00f6nnen Sie Ihre Einstellungen f\u00fcr Werbeanzeigen unter <a href=\"https:\/\/www.facebook.com\/ads\/preferences\/?entry_product=ad_settings_screen\" target=\"_blank\" rel=\"noreferrer noopener\">https:\/\/www.facebook.com\/ads\/preferences\/?entry_product=ad_settings_screen<\/a>&nbsp;selbst ver\u00e4ndern. Falls Sie kein Facebook-User sind, k\u00f6nnen Sie auf <a href=\"http:\/\/www.youronlinechoices.com\/de\/praferenzmanagement\/?tid=111858585\" target=\"_blank\" rel=\"noreferrer noopener\">http:\/\/www.youronlinechoices.com\/de\/praferenzmanagement\/<\/a> grunds\u00e4tzlich Ihre nutzungsbasierte Online-Werbung verwalten. Dort haben Sie die M\u00f6glichkeit, Anbieter zu deaktivieren bzw. zu aktivieren.<\/p>\n\n\n\n<p>Wir weisen darauf hin, dass nach Meinung des Europ\u00e4ischen Gerichtshofs derzeit kein angemessenes Schutzniveau f\u00fcr den Datentransfer in die USA besteht. Die Datenverarbeitung geschieht im Wesentlichen durch Facebook-Pixel. Dies kann dazu f\u00fchren, dass gegebenenfalls Daten nicht anonymisiert verarbeitet und gespeichert werden. Ferner k\u00f6nnen gegebenenfalls US-amerikanische staatliche Beh\u00f6rden Zugriff auf einzelne Daten nehmen. Es kann ferner vorkommen, dass diese Daten mit Daten aus anderen Diensten von Facebook, bei denen Sie ein Nutzerkonto haben, verkn\u00fcpft werden.<\/p>\n\n\n\n<p>Wenn Sie mehr \u00fcber den Datenschutz von Facebook erfahren wollen, empfehlen wir Ihnen die eigenen Datenrichtlinien des Unternehmens auf <a href=\"https:\/\/www.facebook.com\/policy.php\" target=\"_blank\" rel=\"noreferrer noopener\">https:\/\/www.facebook.com\/policy.php<\/a>.<\/p>\n\n\n\n<h2 id=\"facebook-automatischer-erweiterter-abgleich-datenschutzerklaerung\">Facebook Automatischer erweiterter Abgleich Datenschutzerkl\u00e4rung<\/h2>\n\n\n\n<p>Wir haben im Rahmen der Facebook-Pixel-Funktion auch den automatischen erweiterten Abgleich (engl. Automatic Advanced Matching) aktiviert. Diese Funktion des Pixels erm\u00f6glicht uns, gehashte E-Mails, Namen, Geschlecht, Stadt, Bundesland, Postleitzahl und Geburtsdatum oder Telefonnummer als zus\u00e4tzliche Informationen an Facebook zu senden, sofern Sie uns diese Daten zur Verf\u00fcgung gestellt haben. Diese Aktivierung erm\u00f6glicht uns Werbekampagnen auf Facebook noch genauer auf Menschen, die sich f\u00fcr unsere Dienstleistungen oder Produkte interessieren, anzupassen.<\/p>\n\n\n\n<h2 id=\"facebook-datenschutzerklaerung\">Facebook Datenschutzerkl\u00e4rung<\/h2>\n\n\n\n<figure class=\"wp-block-table\"><table><tbody><tr><td><strong>Facebook Datenschutzerkl\u00e4rung Zusammenfassung<\/strong><br>\ud83d\udc65 Betroffene: Besucher der Website<br>\ud83e\udd1d Zweck: Optimierung unserer Serviceleistung<br>\ud83d\udcd3 Verarbeitete Daten: Daten wie etwa Kundendaten, Daten zum Nutzerverhalten, Informationen zu Ihrem Ger\u00e4t und Ihre IP-Adresse.<br>Mehr Details dazu finden Sie weiter unten in der Datenschutzerkl\u00e4rung.<br>\ud83d\udcc5 Speicherdauer: bis die Daten f\u00fcr Facebooks Zwecke nicht mehr n\u00fctzlich sind<br>\u2696\ufe0f Rechtsgrundlagen: Art. 6 Abs. 1 lit. a DSGVO (Einwilligung), Art. 6 Abs. 1 lit. f DSGVO (Berechtigte Interessen)<\/td><\/tr><\/tbody><\/table><\/figure>\n\n\n\n<h3>Was sind Facebook-Tools?<\/h3>\n\n\n\n<p>Wir verwenden auf unserer Website ausgew\u00e4hlte Tools von Facebook. Facebook ist ein Social Media Network des Unternehmens Facebook Ireland Ltd., 4 Grand Canal Square, Grand Canal Harbour, Dublin 2 Ireland. Mithilfe dieser Tools k\u00f6nnen wir Ihnen und Menschen, die sich f\u00fcr unsere Produkte und Dienstleistungen interessieren, das bestm\u00f6gliche Angebot bieten.<\/p>\n\n\n\n<p>Wenn \u00fcber unsere eingebetteten Facebook-Elemente oder \u00fcber unsere Facebook-Seite (Fanpage) Daten von Ihnen erhoben und weitergeleitet werden, sind sowohl wir als auch Facebook Irland Ltd. daf\u00fcr verantwortlich. F\u00fcr die weitere Verarbeitung dieser Daten tr\u00e4gt Facebook allein die Verantwortung. Unsere gemeinsamen Verpflichtungen wurden auch in einer \u00f6ffentlich zug\u00e4nglichen Vereinbarung unter <a href=\"https:\/\/www.facebook.com\/legal\/controller_addendum\" target=\"_blank\" rel=\"noreferrer noopener\">https:\/\/www.facebook.com\/legal\/controller_addendum<\/a> verankert. Darin ist etwa festgehalten, dass wir Sie klar \u00fcber den Einsatz der Facebook-Tools auf unserer Seite informieren m\u00fcssen. Weiters sind wir auch daf\u00fcr verantwortlich, dass die Tools datenschutzrechtlich sicher in unsere Website eingebunden sind. Facebook ist hingegen beispielsweise f\u00fcr die Datensicherheit der Facebook-Produkte verantwortlich. Bei etwaigen Fragen zur Datenerhebung und Datenverarbeitung durch Facebook k\u00f6nnen Sie sich direkt an das Unternehmen wenden. Wenn Sie die Frage an uns richten, sind wir dazu verpflichtet diese an Facebook weiterleiten.<\/p>\n\n\n\n<p>Im Folgenden geben wir einen \u00dcberblick \u00fcber die verschiedenen Facebook Tools, welche Daten an Facebook gesendet werden und wie Sie diese Daten l\u00f6schen k\u00f6nnen.<\/p>\n\n\n\n<p>Neben vielen anderen Produkten bietet Facebook auch die sogenannten \u201cFacebook Business Tools\u201d an.&nbsp;Das ist die offizielle Bezeichnung von Facebook. Da der Begriff aber kaum bekannt ist, haben wir uns daf\u00fcr entschieden, sie lediglich Facebook-Tools zu nennen. Darunter finden sich unter anderem:<\/p>\n\n\n\n<ul><li>Facebook-Pixel<\/li><li>soziale Plug-ins (wie z.B der \u201eGef\u00e4llt mir\u201c- oder \u201eTeilen\u201c-Button)<\/li><li>Facebook Login<\/li><li>Account Kit<\/li><li>APIs (Programmierschnittstelle)<\/li><li>SDKs (Sammlung von Programmierwerkzeugen)<\/li><li>Plattform-Integrationen<\/li><li>Plugins<\/li><li>Codes<\/li><li>Spezifikationen<\/li><li>Dokumentationen<\/li><li>Technologien und Dienstleistungen<\/li><\/ul>\n\n\n\n<p>Durch diese Tools erweitert Facebook Dienstleistungen und hat die M\u00f6glichkeit, Informationen \u00fcber User-Aktivit\u00e4ten au\u00dferhalb von Facebook zu erhalten.<\/p>\n\n\n\n<h3>Warum verwenden wir Facebook-Tools auf unserer Website?<\/h3>\n\n\n\n<p>Wir wollen unsere Dienstleistungen und Produkte nur Menschen zeigen, die sich auch wirklich daf\u00fcr interessieren. Mithilfe von Werbeanzeigen (Facebook-Ads) k\u00f6nnen wir genau diese Menschen erreichen. Damit den Usern passende Werbung gezeigt werden kann, ben\u00f6tigt Facebook allerdings Informationen \u00fcber die W\u00fcnsche und Bed\u00fcrfnisse der Menschen. So werden dem Unternehmen&nbsp;Informationen \u00fcber das Userverhalten (und Kontaktdaten) auf unserer Webseite zur Verf\u00fcgung gestellt. Dadurch sammelt Facebook bessere User-Daten und kann interessierten Menschen die passende Werbung \u00fcber unsere Produkte bzw. Dienstleistungen anzeigen. Die Tools erm\u00f6glichen somit ma\u00dfgeschneiderte Werbekampagnen auf Facebook.<\/p>\n\n\n\n<p>Daten \u00fcber Ihr Verhalten auf unserer Webseite nennt Facebook \u201eEvent-Daten\u201c. Diese werden auch f\u00fcr Messungs- und Analysedienste verwendet. Facebook kann so in unserem Auftrag \u201eKampagnenberichte\u201c \u00fcber die Wirkung unserer Werbekampagnen erstellen. Weiters bekommen wir durch Analysen einen besseren Einblick, wie Sie unsere Dienstleistungen, Webseite oder Produkte verwenden. Dadurch optimieren wir mit einigen dieser Tools Ihre Nutzererfahrung auf unserer Webseite. Beispielsweise k\u00f6nnen Sie mit den sozialen Plug-ins Inhalte auf unserer Seite direkt auf Facebook teilen.<\/p>\n\n\n\n<h3>Welche Daten werden von Facebook-Tools gespeichert?<\/h3>\n\n\n\n<p>Durch die Nutzung einzelner Facebook-Tools k\u00f6nnen personenbezogene Daten (Kundendaten) an Facebook gesendet werden. Abh\u00e4ngig von den benutzten Tools k\u00f6nnen Kundendaten wie Name, Adresse, Telefonnummer und IP-Adresse versandt werden.<\/p>\n\n\n\n<p>Facebook verwendet diese Informationen, um die Daten mit den Daten, die es selbst von Ihnen hat (sofern Sie Facebook-Mitglied sind) abzugleichen. Bevor Kundendaten an Facebook \u00fcbermittelt werden, erfolgt ein sogenanntes \u201eHashing\u201c. Das bedeutet, dass ein beliebig gro\u00dfer Datensatz in eine Zeichenkette transformiert wird. Dies dient auch der Verschl\u00fcsselung von Daten.<\/p>\n\n\n\n<p>Neben den Kontaktdaten werden auch \u201eEvent-Daten\u201c \u00fcbermittelt. Unter \u201eEvent-Daten\u201c sind jene Informationen gemeint, die wir \u00fcber Sie auf unserer Webseite erhalten. Zum Beispiel, welche Unterseiten Sie besuchen oder welche Produkte Sie bei uns kaufen. Facebook teilt die erhaltenen Informationen nicht mit Drittanbietern (wie beispielsweise Werbetreibende), au\u00dfer das Unternehmen hat eine explizite Genehmigung oder ist rechtlich dazu verpflichtet. \u201eEvent-Daten\u201c k\u00f6nnen auch mit Kontaktdaten verbunden werden. Dadurch kann Facebook bessere personalisierte Werbung anbieten. Nach dem bereits erw\u00e4hnten Abgleichungsprozess l\u00f6scht Facebook die Kontaktdaten wieder.<\/p>\n\n\n\n<p>Um Werbeanzeigen optimiert ausliefern zu k\u00f6nnen, verwendet Facebook die Event-Daten nur, wenn diese mit anderen Daten (die auf andere Weise von Facebook erfasst wurden) zusammengefasst wurden. Diese Event-Daten n\u00fctzt Facebook auch f\u00fcr Sicherheits-, Schutz-, Entwicklungs- und Forschungszwecke. Viele dieser Daten werden \u00fcber Cookies zu Facebook \u00fcbertragen. Cookies sind kleine Text-Dateien, die zum Speichern von Daten bzw. Informationen in Browsern verwendet werden. Je nach verwendeten Tools und abh\u00e4ngig davon, ob Sie Facebook-Mitglied sind, werden unterschiedlich viele Cookies in Ihrem Browser angelegt. In den Beschreibungen der einzelnen Facebook Tools gehen wir n\u00e4her auf einzelne Facebook-Cookies ein. Allgemeine Informationen \u00fcber die Verwendung von Facebook-Cookies erfahren Sie auch auf <a href=\"https:\/\/www.facebook.com\/policies\/cookies?tid=111858585\" target=\"_blank\" rel=\"noreferrer noopener\">https:\/\/www.facebook.com\/policies\/cookies<\/a>.<\/p>\n\n\n\n<h3>Wie lange und wo werden die Daten gespeichert?<\/h3>\n\n\n\n<p>Grunds\u00e4tzlich speichert Facebook Daten bis sie nicht mehr f\u00fcr die eigenen Dienste und Facebook-Produkte ben\u00f6tigt werden. Facebook hat auf der ganzen Welt Server verteilt, wo seine Daten gespeichert werden. Kundendaten werden allerdings, nachdem sie mit den eigenen Userdaten abgeglichen wurden, innerhalb von 48 Stunden gel\u00f6scht.<\/p>\n\n\n\n<h3>Wie kann ich meine Daten l\u00f6schen bzw. die Datenspeicherung verhindern?<\/h3>\n\n\n\n<p>Entsprechend der Datenschutz Grundverordnung haben Sie das Recht auf Auskunft, Berichtigung, \u00dcbertragbarkeit und L\u00f6schung Ihrer Daten.<\/p>\n\n\n\n<p>Eine komplette L\u00f6schung der Daten erfolgt nur, wenn Sie Ihr Facebook-Konto vollst\u00e4ndig l\u00f6schen. Und so funktioniert das L\u00f6schen Ihres Facebook-Kontos:<\/p>\n\n\n\n<p>1) Klicken Sie rechts bei Facebook auf Einstellungen.<\/p>\n\n\n\n<p>2) Anschlie\u00dfend klicken Sie in der linken Spalte auf \u201eDeine Facebook-Informationen\u201c.<\/p>\n\n\n\n<p>3) Nun klicken Sie \u201cDeaktivierung und L\u00f6schung\u201d.<\/p>\n\n\n\n<p>4) W\u00e4hlen Sie jetzt \u201eKonto l\u00f6schen\u201c und klicken Sie dann auf \u201eWeiter und Konto l\u00f6schen\u201c<\/p>\n\n\n\n<p>5) Geben Sie nun Ihr Passwort ein, klicken Sie auf \u201eWeiter\u201c und dann auf \u201eKonto l\u00f6schen\u201c<\/p>\n\n\n\n<p>Die Speicherung der Daten, die Facebook \u00fcber unsere Seite erh\u00e4lt, erfolgt unter anderem \u00fcber Cookies (z.B. bei sozialen Plugins). In Ihrem Browser k\u00f6nnen Sie einzelne oder alle Cookies deaktivieren, l\u00f6schen oder verwalten. Je nach dem welchen Browser Sie verwenden, funktioniert dies auf unterschiedliche Art und Weise. Die folgenden Anleitungen zeigen, wie Sie Cookies in Ihrem Browser verwalten:<\/p>\n\n\n\n<p><a href=\"https:\/\/support.google.com\/chrome\/answer\/95647?tid=111858585\" target=\"_blank\" rel=\"noreferrer noopener\">Chrome: Cookies in Chrome l\u00f6schen, aktivieren und verwalten<\/a><\/p>\n\n\n\n<p><a href=\"https:\/\/support.apple.com\/de-at\/guide\/safari\/sfri11471\/mac?tid=111858585\" target=\"_blank\" rel=\"noreferrer noopener\">Safari: Verwalten von Cookies und Websitedaten mit Safari<\/a><\/p>\n\n\n\n<p><a href=\"https:\/\/support.mozilla.org\/de\/kb\/cookies-und-website-daten-in-firefox-loschen?tid=111858585\" target=\"_blank\" rel=\"noreferrer noopener\">Firefox: Cookies l\u00f6schen, um Daten zu entfernen, die Websites auf Ihrem Computer abgelegt haben<\/a><\/p>\n\n\n\n<p><a href=\"https:\/\/support.microsoft.com\/de-at\/help\/17442\/windows-internet-explorer-delete-manage-cookies?tid=111858585\" target=\"_blank\" rel=\"noreferrer noopener\">Internet Explorer: L\u00f6schen und Verwalten von Cookies<\/a><\/p>\n\n\n\n<p><a href=\"https:\/\/support.microsoft.com\/de-at\/help\/4027947\/windows-delete-cookies?tid=111858585\" target=\"_blank\" rel=\"noreferrer noopener\">Microsoft Edge: L\u00f6schen und Verwalten von Cookies<\/a><\/p>\n\n\n\n<p>Falls Sie grunds\u00e4tzlich keine Cookies haben wollen, k\u00f6nnen Sie Ihren Browser so einrichten, dass er Sie immer informiert, wenn ein Cookie gesetzt werden soll. So k\u00f6nnen Sie bei jedem einzelnen Cookie entscheiden, ob Sie es erlauben oder nicht.<\/p>\n\n\n\n<h3>Rechtsgrundlage<\/h3>\n\n\n\n<p>Wenn Sie eingewilligt haben, dass Daten von Ihnen durch eingebundene Facebook-Tools verarbeitet und gespeichert werden k\u00f6nnen, gilt diese Einwilligung als Rechtsgrundlage der Datenverarbeitung <strong>(Art. 6 Abs. 1 lit. a DSGVO)<\/strong>. Grunds\u00e4tzlich werden Ihre Daten auch auf Grundlage unseres berechtigten Interesses <strong>(Art. 6 Abs. 1 lit. f DSGVO)<\/strong> an einer schnellen und guten Kommunikation mit Ihnen oder anderen Kunden und Gesch\u00e4ftspartnern gespeichert und verarbeitet. Wir setzen die Tools gleichwohl nur ein, soweit Sie eine Einwilligung erteilt haben. Die meisten Social-Media-Plattformen setzen auch Cookies in Ihrem Browser, um Daten zu speichern. Darum empfehlen wir Ihnen, unseren Datenschutztext \u00fcber Cookies genau durchzulesen und die Datenschutzerkl\u00e4rung oder die Cookie-Richtlinien von Facebook anzusehen.<\/p>\n\n\n\n<p>Facebook verarbeitet Daten u.a. auch in den USA. Wir weisen darauf hin, dass nach Meinung des Europ\u00e4ischen Gerichtshofs derzeit kein angemessenes Schutzniveau f\u00fcr den Datentransfer in die USA besteht. Dies kann mit verschiedenen Risiken f\u00fcr die Rechtm\u00e4\u00dfigkeit und Sicherheit der Datenverarbeitung einhergehen.<\/p>\n\n\n\n<p>Als Grundlage der Datenverarbeitung bei Empf\u00e4ngern mit Sitz in Drittstaaten (au\u00dferhalb der Europ\u00e4ischen Union, Island, Liechtenstein, Norwegen, also insbesondere in den USA) oder einer Datenweitergabe dorthin verwendet Facebook von der EU-Kommission genehmigte Standardvertragsklauseln (= Art. 46. Abs. 2 und 3 DSGVO). Diese Klauseln verpflichten Facebook, das EU-Datenschutzniveau bei der Verarbeitung relevanter Daten auch au\u00dferhalb der EU einzuhalten. Diese Klauseln basieren auf einem Durchf\u00fchrungsbeschluss der EU-Kommission. Sie finden den Beschluss sowie die Klauseln u.a. hier: <a href=\"https:\/\/ec.europa.eu\/germany\/news\/20210604-datentransfers-eu_de\" target=\"_blank\" rel=\"noreferrer noopener\">https:\/\/ec.europa.eu\/germany\/news\/20210604-datentransfers-eu_de<\/a>.<\/p>\n\n\n\n<p>Wir hoffen, wir haben Ihnen die wichtigsten Informationen \u00fcber die Nutzung und Datenverarbeitung durch die Facebook-Tools n\u00e4hergebracht. Wenn Sie mehr dar\u00fcber erfahren wollen, wie Facebook Ihre Daten verwendet, empfehlen wir Ihnen die Datenrichtlinien auf <a href=\"https:\/\/www.facebook.com\/about\/privacy\/update\" target=\"_blank\" rel=\"noreferrer noopener\">https:\/\/www.facebook.com\/about\/privacy\/update<\/a>.<\/p>\n\n\n\n<h2 id=\"facebook-soziale-plug-ins-datenschutzerklaerung\">Facebook Soziale Plug-ins Datenschutzerkl\u00e4rung<\/h2>\n\n\n\n<p>Auf unserer Webseite sind sogenannte soziale Plug-ins des Unternehmens Facebook Inc. eingebaut. Sie erkennen diese Buttons am klassischen Facebook-Logo, wie dem \u201eGef\u00e4llt mir\u201c-Button (die Hand mit erhobenem Daumen) oder an einer eindeutigen \u201eFacebook Plug-in\u201c-Kennzeichnung. Ein soziales Plug-in ist ein kleiner Teil von Facebook, der in unsere Seite integriert ist. Jedes Plug-in hat eine eigene Funktion. Die am meisten verwendeten Funktionen sind die bekannten \u201cGef\u00e4llt mir\u201d- und \u201cTeilen\u201d-Buttons.<\/p>\n\n\n\n<p>Folgende soziale Plug-ins werden von Facebook angeboten:<\/p>\n\n\n\n<ul><li>\u201cSpeichern\u201d-Button<\/li><li>\u201cGef\u00e4llt mir\u201d-Button, Teilen, Senden und Zitat<\/li><li>Seiten-Plug-in<\/li><li>Kommentare<\/li><li>Messenger-Plug-in<\/li><li>Eingebettete Beitr\u00e4ge und Videoplayer<\/li><li>Gruppen-Plug-in<\/li><\/ul>\n\n\n\n<p>Auf <a href=\"https:\/\/developers.facebook.com\/docs\/plugins\" target=\"_blank\" rel=\"noreferrer noopener\">https:\/\/developers.facebook.com\/docs\/plugins<\/a> erhalten Sie n\u00e4here Informationen, wie die einzelnen Plug-ins verwendet werden. Wir n\u00fctzen die sozialen Plug-ins einerseits, um Ihnen ein besseres Usererlebnis auf unserer Seite zu bieten, andererseits weil Facebook dadurch unsere Werbeanzeigen optimieren kann.<\/p>\n\n\n\n<p>Sofern Sie ein Facebook-Konto haben oder <a href=\"https:\/\/www.facebook.com\/\" target=\"_blank\" rel=\"noreferrer noopener\">facebook.com<\/a> schon mal besucht haben, hat Facebook bereits mindestens ein Cookie in Ihrem Browser gesetzt. In diesem Fall sendet Ihr Browser \u00fcber dieses Cookie Informationen an Facebook, sobald Sie unsere Seite besuchen bzw. mit sozialen Plug-ins (z.B. dem \u201eGef\u00e4llt mir\u201c-Button) interagieren.<\/p>\n\n\n\n<p>Die erhaltenen Informationen werden innerhalb von 90 Tagen wieder gel\u00f6scht bzw. anonymisiert. Laut Facebook geh\u00f6ren zu diesen Daten Ihre IP-Adresse, welche Webseite Sie besucht haben, das Datum, die Uhrzeit und weitere Informationen, die Ihren Browser betreffen.<\/p>\n\n\n\n<p>Um zu verhindern, dass Facebook w\u00e4hrend Ihres Besuches auf unserer Webseite viele Daten sammelt und mit den Facebook-Daten verbindet, m\u00fcssen Sie sich w\u00e4hrend des Webseitenbesuchs von Facebook abmelden (ausloggen).<\/p>\n\n\n\n<p>Falls Sie bei Facebook nicht angemeldet sind oder kein Facebook-Konto besitzen, sendet Ihr Browser weniger Informationen an Facebook, weil Sie weniger Facebook-Cookies haben. Dennoch k\u00f6nnen Daten wie beispielsweise Ihre IP-Adresse oder welche Webseite Sie besuchen an Facebook \u00fcbertragen werden. Wir m\u00f6chten noch ausdr\u00fccklich darauf hinweisen, dass wir \u00fcber die genauen Inhalte der Daten nicht exakt Bescheid wissen. Wir versuchen aber Sie nach unserem aktuellen Kenntnisstand so gut als m\u00f6glich \u00fcber die Datenverarbeitung aufzukl\u00e4ren. Wie Facebook die Daten nutzt, k\u00f6nnen Sie auch in den Datenrichtline des Unternehmens unter <a href=\"https:\/\/www.facebook.com\/about\/privacy\/update\" target=\"_blank\" rel=\"noreferrer noopener\">https:\/\/www.facebook.com\/about\/privacy\/update<\/a> nachlesen.<\/p>\n\n\n\n<p>Folgende Cookies werden in Ihrem Browser mindestens gesetzt, wenn Sie eine Webseite mit sozialen Plug-ins von Facebook besuchen:<\/p>\n\n\n\n<p><strong>Name:<\/strong> dpr<br><strong>Wert:<\/strong> keine Angabe<br><strong>Verwendungszweck:<\/strong> Dieses Cookie wird verwendet, damit die sozialen Plug-ins auf unserer Webseite funktionieren.<br><strong>Ablaufdatum:<\/strong> nach Sitzungsende<\/p>\n\n\n\n<p><strong>Name:<\/strong> fr<br><strong>Wert:<\/strong> 0jieyh4111858585c2GnlufEJ9..Bde09j\u20261.0.Bde09j<br><strong>Verwendungszweck:<\/strong>&nbsp;Auch das Cookie ist n\u00f6tig, dass die Plug-ins einwandfrei funktionieren.<br><strong>Ablaufdatum::<\/strong>&nbsp;nach 3 Monaten<\/p>\n\n\n\n<p><strong>Anmerkung:<\/strong> Diese Cookies wurden nach einem Test gesetzt, auch wenn Sie nicht Facebook-Mitglied sind.<\/p>\n\n\n\n<p>Sofern Sie bei Facebook angemeldet sind, k\u00f6nnen Sie Ihre Einstellungen f\u00fcr Werbeanzeigen unter <a href=\"https:\/\/www.facebook.com\/ads\/preferences\/?entry_product=ad_settings_screen\" target=\"_blank\" rel=\"noreferrer noopener\">https:\/\/www.facebook.com\/ads\/preferences\/?entry_product=ad_settings_screen<\/a>&nbsp;selbst ver\u00e4ndern. Falls Sie kein Facebook-User sind, k\u00f6nnen Sie auf <a href=\"http:\/\/www.youronlinechoices.com\/de\/praferenzmanagement\/?tid=111858585\" target=\"_blank\" rel=\"noreferrer noopener\">http:\/\/www.youronlinechoices.com\/de\/praferenzmanagement\/<\/a>grunds\u00e4tzlich Ihre nutzungsbasierte Online-Werbung verwalten. Dort haben Sie die M\u00f6glichkeit, Anbieter zu deaktivieren bzw. zu aktivieren.<\/p>\n\n\n\n<p>Wenn Sie mehr \u00fcber den Datenschutz von Facebook erfahren wollen, empfehlen wir Ihnen die eigenen Datenrichtlinien des Unternehmens auf <a href=\"https:\/\/www.facebook.com\/policy.php?tip=111858585\" target=\"_blank\" rel=\"noreferrer noopener\">https:\/\/www.facebook.com\/policy.php<\/a>.<\/p>\n\n\n\n<h2 id=\"facebook-login-datenschutzerklaerung\">Facebook Login Datenschutzerkl\u00e4rung<\/h2>\n\n\n\n<p>Wir haben auf unserer Seite das praktische Facebook Login integriert. So k\u00f6nnen Sie sich bei uns ganz einfach mit Ihrem Facebook-Konto einloggen, ohne ein weiteres Benutzerkonto anlegen zu m\u00fcssen. Wenn Sie sich entscheiden, Ihre Registrierung \u00fcber das Facebook Login zu machen, werden Sie auf das Social Media Network Facebook weitergeleitet. Dort erfolgt die Anmeldung \u00fcber Ihre Facebook Nutzerdaten. Durch dieses Login-Verfahren werden Daten \u00fcber Sie bzw. Ihr Userverhalten gespeichert und an Facebook \u00fcbermittelt.<\/p>\n\n\n\n<p>Um die Daten zu speichern, benutzt Facebook verschiedene Cookies. Im Folgenden zeigen wir Ihnen die wichtigsten Cookies, die in Ihrem Browser gesetzt werden bzw. schon bestehen, wenn Sie sich \u00fcber das Facebook Login auf unserer Seite anmelden:<\/p>\n\n\n\n<p><strong>Name:<\/strong> fr<br><strong>Wert:<\/strong> 0jieyh4c2GnlufEJ9..Bde09j\u20261.0.Bde09j<br><strong>Verwendungszweck:<\/strong> Dieses Cookie wird verwendet, damit das soziale Plugin auf unserer Webseite bestm\u00f6glich funktioniert.<br><strong>Ablaufdatum:<\/strong>&nbsp;nach 3 Monaten<\/p>\n\n\n\n<p><strong>Name:<\/strong> datr<br><strong>Wert:<\/strong> 4Jh7XUA2111858585SEmPsSfzCOO4JFFl<br><strong>Verwendungszweck:<\/strong> Facebook setzt das \u201cdatr\u201d-Cookie, wenn ein Webbrowser auf facebook.com zugreift, und das Cookie hilft, Anmeldeaktivit\u00e4ten zu identifizieren und die Benutzer zu sch\u00fctzen.<br><strong>Ablaufdatum:<\/strong>&nbsp;nach 2 Jahren<\/p>\n\n\n\n<p><strong>Name:<\/strong> _js_datr<br><strong>Wert:<\/strong> deleted<br><strong>Verwendungszweck:<\/strong> Dieses Session-Cookie setzt Facebook zu Trackingzwecken, auch wenn Sie kein Facebook-Konto haben oder ausgeloggt sind.<br><strong>Ablaufdatum:<\/strong> nach Sitzungsende<\/p>\n\n\n\n<p><strong>Anmerkung:<\/strong> Die angef\u00fchrten Cookies sind nur eine kleine Auswahl der Cookies, die Facebook zur Verf\u00fcgung stehen. Weitere Cookies sind beispielsweise _ fbp, sb oder wd. Eine vollst\u00e4ndige Aufz\u00e4hlung ist nicht m\u00f6glich, da Facebook \u00fcber eine Vielzahl an Cookies verf\u00fcgt und diese variabel einsetzt.<\/p>\n\n\n\n<p>Der Facebook Login bietet Ihnen einerseits einen schnellen und einfachen Registrierungsprozess, andererseits haben wir so die M\u00f6glichkeit Daten mit Facebook zu teilen. Dadurch k\u00f6nnen wir unser Angebot und unsere Werbeaktionen besser an Ihre Interessen und Bed\u00fcrfnisse anpassen. Daten, die wir auf diese Weise von Facebook erhalten, sind \u00f6ffentliche Daten wie<\/p>\n\n\n\n<ul><li>Ihr Facebook-Name<\/li><li>Ihr Profilbild<\/li><li>eine hinterlegte E-Mail-Adresse<\/li><li>Freundeslisten<\/li><li>Buttons-Angaben (z.B. \u201eGef\u00e4llt mir\u201c-Button)<\/li><li>Geburtstagsdatum<\/li><li>Sprache<\/li><li>Wohnort<\/li><\/ul>\n\n\n\n<p>Im Gegenzug stellen wir Facebook Informationen \u00fcber Ihre Aktivit\u00e4ten auf unserer Webseite bereit. Das sind unter anderem Informationen \u00fcber Ihr verwendetes Endger\u00e4t, welche Unterseiten Sie bei uns besuchen oder welche Produkte Sie bei uns erworben haben.<\/p>\n\n\n\n<p>Durch die Verwendung von Facebook Login willigen Sie der Datenverarbeitung ein. Sie k\u00f6nnen diese Vereinbarung jederzeit widerrufen. Wenn Sie mehr Informationen \u00fcber die Datenverarbeitung durch Facebook erfahren wollen, empfehlen wir Ihnen die Facebook-Datenschutzerkl\u00e4rung unter <a href=\"https:\/\/de-de.facebook.com\/policy.php?tid=111858585\" target=\"_blank\" rel=\"noreferrer noopener\">https:\/\/de-de.facebook.com\/policy.php<\/a>.<\/p>\n\n\n\n<p>Sofern Sie bei Facebook angemeldet sind, k\u00f6nnen Sie Ihre Einstellungen f\u00fcr Werbeanzeigen unter <a href=\"https:\/\/www.facebook.com\/ads\/preferences\/?entry_product=ad_settings_screen\" target=\"_blank\" rel=\"noreferrer noopener\">https:\/\/www.facebook.com\/ads\/preferences\/?entry_product=ad_settings_screen<\/a>&nbsp;selbst ver\u00e4ndern.<\/p>\n\n\n\n<p>Alle Texte sind urheberrechtlich gesch\u00fctzt.<\/p>\n\n\n\n<p>Quelle: Erstellt mit dem <a href=\"https:\/\/www.adsimple.at\/datenschutz-generator\/\">Datenschutz Generator<\/a> von AdSimple<\/p>\n","protected":false},"excerpt":{"rendered":"<p>Inhaltsverzeichnis Einleitung und \u00dcberblick Anwendungsbereich Rechtsgrundlagen Kontaktdaten des Verantwortlichen Speicherdauer Rechte laut Datenschutz-Grundverordnung Webhosting Facebook-Pixel Datenschutzerkl\u00e4rung Facebook Datenschutzerkl\u00e4rung Einleitung und \u00dcberblick Wir haben diese Datenschutzerkl\u00e4rung (Fassung 21.10.2021-111858585) verfasst, um Ihnen gem\u00e4\u00df der Vorgaben der Datenschutz-Grundverordnung (EU) 2016\/679 und anwendbaren nationalen Gesetzen zu erkl\u00e4ren, welche personenbezogenen Daten (kurz Daten) wir als Verantwortliche \u2013 und die von [&hellip;]<\/p>\n","protected":false},"author":2,"featured_media":0,"parent":0,"menu_order":0,"comment_status":"closed","ping_status":"open","template":"","meta":[],"acf":[],"_links":{"self":[{"href":"https:\/\/www.messern.at\/feuerwehr\/wp-json\/wp\/v2\/pages\/3"}],"collection":[{"href":"https:\/\/www.messern.at\/feuerwehr\/wp-json\/wp\/v2\/pages"}],"about":[{"href":"https:\/\/www.messern.at\/feuerwehr\/wp-json\/wp\/v2\/types\/page"}],"author":[{"embeddable":true,"href":"https:\/\/www.messern.at\/feuerwehr\/wp-json\/wp\/v2\/users\/2"}],"replies":[{"embeddable":true,"href":"https:\/\/www.messern.at\/feuerwehr\/wp-json\/wp\/v2\/comments?post=3"}],"version-history":[{"count":6,"href":"https:\/\/www.messern.at\/feuerwehr\/wp-json\/wp\/v2\/pages\/3\/revisions"}],"predecessor-version":[{"id":1586,"href":"https:\/\/www.messern.at\/feuerwehr\/wp-json\/wp\/v2\/pages\/3\/revisions\/1586"}],"wp:attachment":[{"href":"https:\/\/www.messern.at\/feuerwehr\/wp-json\/wp\/v2\/media?parent=3"}],"curies":[{"name":"wp","href":"https:\/\/api.w.org\/{rel}","templated":true}]}}